{"id":1130,"date":"2024-03-08T09:51:08","date_gmt":"2024-03-08T09:51:08","guid":{"rendered":"https:\/\/www.kihlstroms.se\/v3\/?page_id=1130"},"modified":"2025-02-12T17:44:30","modified_gmt":"2025-02-12T17:44:30","slug":"bygg-din-lastbil","status":"publish","type":"page","link":"https:\/\/www.kihlstroms.se\/v3\/bygg-din-lastbil\/","title":{"rendered":"VI HJ\u00c4LPER DIG ATT BYGGA DIN LASTBIL &#8211; F\u00c5 EN OFFERT SOM PASSAR ER!"},"content":{"rendered":"<div class=\"root-eb-form-7nv9c wp-block-essential-blocks-form\">\n    <div class=\"eb-parent-wrapper eb-parent-eb-form-7nv9c \">\n        <div id=\"eb-form-7nv9c\" class=\"eb-form-7nv9c eb-form-wrapper\">\n            <form id=\"ebf-19a374\"\n                class=\"eb-form form-layout-block form-style-classic\" action=\"\">\n                <div class=\"eb-form-fields\">\n                                        \n\n<p>Vi erbjuder ett omfattande sortiment av transportfordon, inklusive Kampanjbilar som vi har i lager f\u00f6r omg\u00e5ende leverans p\u00e5 Iveco daily sk\u00e5p och lift, Iveco daily sk\u00e5pbil Van 12m3 och kylbilar. <\/p>\n\n\n\n<p><strong>Fyll i formul\u00e4ret nedan f\u00f6r att f\u00e5 offert som vi anpassar efter era \u00f6nskem\u00e5l<\/strong>.<\/p>\n\n\n\n<p>Hos oss \u00e4r fokus att anpassa fordonen efter era behov. Vi hj\u00e4lper er att ta fram offert f\u00f6r specialbilar, l\u00e4tta lastbilar, lastbilar, flakbilar, kranbilar, chassibilar, sk\u00e5p och lift. Kontakta oss f\u00f6r skr\u00e4ddarsydda f\u00f6rslag som passar just din verksamhet eller maila oss p\u00e5 <a href=\"mailto:philip@kihlstroms.se\">philip@kihlstroms.se<\/a> , <a href=\"mailto:osterberg@kihlstroms.se\">osterberg@kihlstroms.se<\/a> , <a href=\"mailto:alexander@kihlstroms.se\">alexander@kihlstroms.se<\/a> <\/p>\n\n\n\n<div class=\"wp-block-essential-blocks-row alignfull  root-eb-row-sr8vv\"><div class=\"eb-parent-wrapper eb-parent-eb-row-sr8vv \"><div class=\"eb-row-root-container eb-row-sr8vv\" data-id=\"eb-row-sr8vv\"><div class=\"eb-row-wrapper\"><div class=\"eb-row-inner\">\n<div class=\"wp-block-essential-blocks-column  root-eb-column-kpq19\"><div class=\"eb-parent-wrapper eb-parent-eb-column-kpq19 \"><div class=\"eb-column-wrapper eb-column-kpq19\"><div class=\"eb-column-inner\">\n<div class=\"wp-block-essential-blocks-form-text-field eb-form-field root-eb-text-field-poe79\"><div class=\"eb-parent-wrapper eb-parent-eb-text-field-poe79 \"><div class=\"eb-text-field-poe79 eb-text-field-wrapper eb-field-wrapper\"><label for=\"first-name\">F\u00f6retagsnamn eller org.nummer: <span class=\"eb-required\">*<\/span><\/label><div class=\"eb-field-input-wrap\"><i icon=\"fas fa-user\" class=\"fas fa-user eb-input-icon\"><\/i><input type=\"text\" id=\"first-name\" name=\"first-name\" class=\"eb-field-input\" placeholder=\"Skriv in korrekt f\u00f6retagsnamn eller org. nummer\" \/><\/div><div class=\"eb-form-validation eb-validate-first-name\">This field is required.<\/div><\/div><\/div><\/div>\n<\/div><\/div><\/div><\/div>\n<\/div><\/div><\/div><\/div><\/div>\n\n\n\n<div class=\"wp-block-essential-blocks-form-number-field eb-form-field root-eb-number-field-vlva2\"><div class=\"eb-parent-wrapper eb-parent-eb-number-field-vlva2 \"><div class=\"eb-number-field-vlva2 eb-number-field-wrapper eb-field-wrapper\"><label for=\"number-field\">Nummer till kontakt person p\u00e5 f\u00f6retaget ni f\u00f6retr\u00e4der <span class=\"eb-required\">*<\/span><\/label><div class=\"eb-field-input-wrap\"><i icon=\"fas fa-phone\" class=\"fas fa-phone eb-input-icon\"><\/i><input type=\"number\" id=\"number-field\" name=\"number-field\" class=\"eb-field-input\" placeholder=\"Skriv in nummer till kontaktperson fleetmanager eller fordonsansvarig, firmat\u00e4cknare\" \/><\/div><div class=\"eb-form-validation eb-validate-number-field\">This field is required.<\/div><\/div><\/div><\/div>\n\n\n\n<div class=\"wp-block-essential-blocks-form-email-field eb-form-field root-eb-email-field-m7hz9\"><div class=\"eb-parent-wrapper eb-parent-eb-email-field-m7hz9 \"><div class=\"eb-email-field-m7hz9 eb-email-field-wrapper eb-field-wrapper\"><label for=\"email\">Email <span class=\"eb-required\">*<\/span><\/label><div class=\"eb-field-input-wrap\"><i icon=\"far fa-envelope\" class=\"far fa-envelope eb-input-icon\"><\/i><input type=\"email\" id=\"email\" name=\"email\" class=\"eb-field-input\" placeholder=\" Ange f\u00f6retags e-postadress h\u00e4r\" \/><\/div><div class=\"eb-form-validation eb-validate-email\">This field is required.<\/div><\/div><\/div><\/div>\n\n\n\n<div class=\"wp-block-essential-blocks-form-textarea-field eb-form-field root-eb-textarea-field-ip1b1\"><div class=\"eb-parent-wrapper eb-parent-eb-textarea-field-ip1b1 \"><div class=\"eb-textarea-field-ip1b1 eb-textarea-field-wrapper eb-field-wrapper\"><label for=\"message\">(Frivilligt f\u00e4lt) Ber\u00e4tta f\u00f6r oss om er verksamhet. Om era behov, hur ni anv\u00e4nder bilen och \u00f6nskem\u00e5l. som t.ex dragkrok <\/label><div class=\"eb-field-input-wrap\"><i icon=\"far fa-edit\" class=\"far fa-edit eb-input-icon\"><\/i><textarea rows=\"4\" id=\"message\" class=\"eb-field-input\" name=\"message\" placeholder=\"(Frivilligt f\u00e4lt) Ber\u00e4tta f\u00f6r oss om er verksamhet. Om era behov, hur ni anv\u00e4nder bilen och \u00f6nskem\u00e5l. som t.ex dragkrok\"><\/textarea><\/div><\/div><\/div><\/div>\n\n\n\n<div class=\"wp-block-essential-blocks-form-text-field eb-form-field root-eb-text-field-li4ht\"><div class=\"eb-parent-wrapper eb-parent-eb-text-field-li4ht \"><div class=\"eb-text-field-li4ht eb-text-field-wrapper eb-field-wrapper\"><label for=\"text-field-4\">(Frivilligt f\u00e4lt) Vi erbjuder samtliga v\u00e5ra bilar med Eldrift, Biogas(CNG) eller Diesel\/HVO100 <\/label><div class=\"eb-field-input-wrap\"><i icon=\"fas fa-gas-pump\" class=\"fas fa-gas-pump eb-input-icon\"><\/i><input type=\"text\" id=\"text-field-4\" name=\"text-field-4\" class=\"eb-field-input\" placeholder=\"(Frivilligt f\u00e4lt) Diesel, Biogas(CNG), El\" \/><\/div><\/div><\/div><\/div>\n\n\n\n<div class=\"wp-block-essential-blocks-form-text-field eb-form-field root-eb-text-field-kok6m\"><div class=\"eb-parent-wrapper eb-parent-eb-text-field-kok6m \"><div class=\"eb-text-field-kok6m eb-text-field-wrapper eb-field-wrapper\"><label for=\"text-field-3\">(Frivilligt f\u00e4lt) N\u00e4r beh\u00f6ver ni bilen? Extra utrustning  <\/label><div class=\"eb-field-input-wrap\"><i icon=\"far fa-square-plus\" class=\"far fa-square-plus eb-input-icon\"><\/i><input type=\"text\" id=\"text-field-3\" name=\"text-field-3\" class=\"eb-field-input\" placeholder=\"(Frivilligt f\u00e4lt)  Dragkrok eller \u00f6nskem\u00e5l som fj\u00e4rr till lift\" \/><\/div><\/div><\/div><\/div>\n\n                <\/div>\n                <input class=\"form-nonce\" type=\"hidden\" name=\"form-nonce\" value=\"05deecd61f\" \/>\n                <div class=\"eb-form-submit\">\n                                        <button type=\"submit\" class=\"btn btn-primary eb-form-submit-button\" data-id=\"eb-form-7nv9c\" data-form-id=\"ebf-19a374\">\n                Klicka h\u00e4r f\u00f6r att skicka in er f\u00f6rfr\u00e5gan.\n                <img decoding=\"async\" class=\"eb-form-submit-loader\" src=\"https:\/\/www.kihlstroms.se\/v3\/wp-content\/plugins\/essential-blocks\/assets\/images\/loading.svg\" \/>\n            <\/button>                <\/div>\n            <\/form>\n            <div class=\"eb_form_submit_response\" data-confirmation-type=\"message\" data-success=\"Ditt formul\u00e4r har skickats! Nu \u00e4r ni ett steg n\u00e4rmare er lastbil och en offert efter era \u00f6nskem\u00e5l\" data-error=\"Ditt formul\u00e4r kunde inte skickas! Var god f\u00f6rs\u00f6k igen.\"><\/div>        <\/div>\n    <\/div>\n<\/div>\n\n\n<div class=\"wp-block-group is-nowrap is-layout-flex wp-container-core-group-is-layout-ad2f72ca wp-block-group-is-layout-flex\">\n<div class=\"wp-block-media-text is-stacked-on-mobile is-vertically-aligned-top\">\n    <figure class=\"wp-block-media-text__media\">\n      <img loading=\"lazy\" decoding=\"async\" width=\"905\" height=\"558\" src=\"https:\/\/www.kihlstroms.se\/v3\/wp-content\/uploads\/2024\/12\/iveco-van-9m3-1.webp\" alt=\"IVECO Sk\u00e5pbil 9m3\" class=\"wp-image-1464 size-full\" srcset=\"https:\/\/www.kihlstroms.se\/v3\/wp-content\/uploads\/2024\/12\/iveco-van-9m3-1.webp 905w, https:\/\/www.kihlstroms.se\/v3\/wp-content\/uploads\/2024\/12\/iveco-van-9m3-1-300x185.webp 300w, https:\/\/www.kihlstroms.se\/v3\/wp-content\/uploads\/2024\/12\/iveco-van-9m3-1-768x474.webp 768w, https:\/\/www.kihlstroms.se\/v3\/wp-content\/uploads\/2024\/12\/iveco-van-9m3-1-50x31.webp 50w, https:\/\/www.kihlstroms.se\/v3\/wp-content\/uploads\/2024\/12\/iveco-van-9m3-1-18x12.webp 18w\" sizes=\"auto, (max-width: 905px) 100vw, 905px\" \/>\n    <\/figure>\n    <div class=\"wp-block-media-text__content\">\n      <p><strong>IVECO SK\u00c5PBIL<\/strong><\/p>\n      <p>Fast Lane 9m3 136 HK<br>Maximal k\u00f6rkomfort med 8-v\u00e4xlad automat, redo f\u00f6r HVO100<\/p>\n      <p>449 000 kr*<\/p>\n      <!-- Swedish \"Request a Quote\" Link -->\n      <p><a href=\"https:\/\/www.kihlstroms.se\/v3\/bygg-din-lastbil\/\" style=\"color: #007BFF; text-decoration: none; font-weight: bold;\">F\u00e5 offert<\/a><\/p>\n    <\/div>\n  <\/div>\n\n\n\n<div class=\"wp-block-media-text is-stacked-on-mobile is-vertically-aligned-top\">\n    <figure class=\"wp-block-media-text__media\">\n      <img loading=\"lazy\" decoding=\"async\" width=\"905\" height=\"558\" src=\"https:\/\/www.kihlstroms.se\/v3\/wp-content\/uploads\/2024\/12\/iveco-van-12m3-140-hk.webp\" alt=\"IVECO Sk\u00e5pbil 12m3\" class=\"wp-image-1465 size-full\" srcset=\"https:\/\/www.kihlstroms.se\/v3\/wp-content\/uploads\/2024\/12\/iveco-van-12m3-140-hk.webp 905w, https:\/\/www.kihlstroms.se\/v3\/wp-content\/uploads\/2024\/12\/iveco-van-12m3-140-hk-300x185.webp 300w, https:\/\/www.kihlstroms.se\/v3\/wp-content\/uploads\/2024\/12\/iveco-van-12m3-140-hk-768x474.webp 768w, https:\/\/www.kihlstroms.se\/v3\/wp-content\/uploads\/2024\/12\/iveco-van-12m3-140-hk-50x31.webp 50w, https:\/\/www.kihlstroms.se\/v3\/wp-content\/uploads\/2024\/12\/iveco-van-12m3-140-hk-18x12.webp 18w\" sizes=\"auto, (max-width: 905px) 100vw, 905px\" \/>\n    <\/figure>\n    <div class=\"wp-block-media-text__content\">\n      <p><strong>IVECO SK\u00c5PBIL<\/strong><\/p>\n      <p>Fast Lane 12m3 140 HK<br>Maximal k\u00f6rkomfort med 8-v\u00e4xlad automat, redo f\u00f6r HVO100<\/p>\n      <p>445 000 kr**<\/p>\n      <!-- Swedish \"Request a Quote\" Link -->\n      <p><a href=\"https:\/\/www.kihlstroms.se\/v3\/bygg-din-lastbil\/\" style=\"color: #007BFF; text-decoration: none; font-weight: bold;\">F\u00e5 offert<\/a><\/p>\n    <\/div>\n  <\/div>\n<\/div>\n\n\n\n<div style=\"height:50px\" aria-hidden=\"true\" class=\"wp-block-spacer\"><\/div>\n\n\n\n<div class=\"wp-block-group is-nowrap is-layout-flex wp-container-core-group-is-layout-ad2f72ca wp-block-group-is-layout-flex\">\n<div class=\"wp-block-media-text is-stacked-on-mobile is-vertically-aligned-top\" style=\"grid-template-columns:44% auto\">\n    <figure class=\"wp-block-media-text__media\">\n      <img loading=\"lazy\" decoding=\"async\" width=\"905\" height=\"558\" src=\"https:\/\/www.kihlstroms.se\/v3\/wp-content\/uploads\/2024\/12\/iveco-van-12m3-180-hk.webp\" alt=\"IVECO Sk\u00e5pbil 12m3 180 HK\" class=\"wp-image-1466 size-full\" srcset=\"https:\/\/www.kihlstroms.se\/v3\/wp-content\/uploads\/2024\/12\/iveco-van-12m3-180-hk.webp 905w, https:\/\/www.kihlstroms.se\/v3\/wp-content\/uploads\/2024\/12\/iveco-van-12m3-180-hk-300x185.webp 300w, https:\/\/www.kihlstroms.se\/v3\/wp-content\/uploads\/2024\/12\/iveco-van-12m3-180-hk-768x474.webp 768w, https:\/\/www.kihlstroms.se\/v3\/wp-content\/uploads\/2024\/12\/iveco-van-12m3-180-hk-50x31.webp 50w, https:\/\/www.kihlstroms.se\/v3\/wp-content\/uploads\/2024\/12\/iveco-van-12m3-180-hk-18x12.webp 18w\" sizes=\"auto, (max-width: 905px) 100vw, 905px\" \/>\n    <\/figure>\n    <div class=\"wp-block-media-text__content\">\n      <p><strong>IVECO SK\u00c5PBIL<\/strong><\/p>\n      <p>Fast Lane 12m3 180 HK<br>Maximal k\u00f6rkomfort med 8-v\u00e4xlad automat, redo f\u00f6r HVO100<\/p>\n      <p>485 000 kr***<\/p>\n      <!-- Swedish \"Request a Quote\" Link -->\n      <p><a href=\"https:\/\/www.kihlstroms.se\/v3\/bygg-din-lastbil\/\" style=\"color: #007BFF; text-decoration: none; font-weight: bold;\">F\u00e5 offert<\/a><\/p>\n    <\/div>\n  <\/div>\n\n\n\n<div class=\"wp-block-media-text is-stacked-on-mobile is-vertically-aligned-top\">\n    <figure class=\"wp-block-media-text__media\">\n      <img loading=\"lazy\" decoding=\"async\" width=\"905\" height=\"558\" src=\"https:\/\/www.kihlstroms.se\/v3\/wp-content\/uploads\/2024\/12\/iveco-twinwheel-van.webp\" alt=\"IVECO Twinwheel Sk\u00e5pbil\" class=\"wp-image-1471 size-full\" srcset=\"https:\/\/www.kihlstroms.se\/v3\/wp-content\/uploads\/2024\/12\/iveco-twinwheel-van.webp 905w, https:\/\/www.kihlstroms.se\/v3\/wp-content\/uploads\/2024\/12\/iveco-twinwheel-van-300x185.webp 300w, https:\/\/www.kihlstroms.se\/v3\/wp-content\/uploads\/2024\/12\/iveco-twinwheel-van-768x474.webp 768w, https:\/\/www.kihlstroms.se\/v3\/wp-content\/uploads\/2024\/12\/iveco-twinwheel-van-50x31.webp 50w, https:\/\/www.kihlstroms.se\/v3\/wp-content\/uploads\/2024\/12\/iveco-twinwheel-van-18x12.webp 18w\" sizes=\"auto, (max-width: 905px) 100vw, 905px\" \/>\n    <\/figure>\n    <div class=\"wp-block-media-text__content\">\n      <p><strong>IVECO SK\u00c5PBIL<\/strong><\/p>\n      <p>Fast Lane 16 m3 176 HK<br>4,6 meter lastutrymme<\/p>\n      <p>525 000 kr****<\/p>\n      <!-- Swedish \"Request a Quote\" Link -->\n      <p><a href=\"https:\/\/www.kihlstroms.se\/v3\/bygg-din-lastbil\/\" style=\"color: #007BFF; text-decoration: none; font-weight: bold;\">F\u00e5 offert<\/a><\/p>\n    <\/div>\n  <\/div>\n<\/div>\n\n\n\n<div style=\"height:50px\" aria-hidden=\"true\" class=\"wp-block-spacer\"><\/div>\n\n\n\n<div class=\"wp-block-group is-nowrap is-layout-flex wp-container-core-group-is-layout-ad2f72ca wp-block-group-is-layout-flex\">\n<div class=\"wp-block-media-text is-stacked-on-mobile is-vertically-aligned-top\">\n    <figure class=\"wp-block-media-text__media\">\n      <img loading=\"lazy\" decoding=\"async\" width=\"905\" height=\"558\" src=\"https:\/\/www.kihlstroms.se\/v3\/wp-content\/uploads\/2024\/12\/iveco-twinwheel-van-1.webp\" alt=\"IVECO Twinwheel Sk\u00e5pbil 16m3\" class=\"wp-image-1472 size-full\" srcset=\"https:\/\/www.kihlstroms.se\/v3\/wp-content\/uploads\/2024\/12\/iveco-twinwheel-van-1.webp 905w, https:\/\/www.kihlstroms.se\/v3\/wp-content\/uploads\/2024\/12\/iveco-twinwheel-van-1-300x185.webp 300w, https:\/\/www.kihlstroms.se\/v3\/wp-content\/uploads\/2024\/12\/iveco-twinwheel-van-1-768x474.webp 768w, https:\/\/www.kihlstroms.se\/v3\/wp-content\/uploads\/2024\/12\/iveco-twinwheel-van-1-50x31.webp 50w, https:\/\/www.kihlstroms.se\/v3\/wp-content\/uploads\/2024\/12\/iveco-twinwheel-van-1-18x12.webp 18w\" sizes=\"auto, (max-width: 905px) 100vw, 905px\" \/>\n    <\/figure>\n    <div class=\"wp-block-media-text__content\">\n      <p><strong>IVECO SK\u00c5PBIL<\/strong><\/p>\n      <p>Fast Lane 16m3 \u2013 5 tons 176 HK<br>L\u00e5g skatt och lastf\u00f6rm\u00e5ga upp till 2,3 ton<\/p>\n      <p>519 000 kr*****<\/p>\n      <!-- Swedish \"Request a Quote\" Link -->\n      <p><a href=\"https:\/\/www.kihlstroms.se\/v3\/bygg-din-lastbil\/\" style=\"color: #007BFF; text-decoration: none; font-weight: bold;\">F\u00e5 offert<\/a><\/p>\n    <\/div>\n  <\/div>\n\n\n\n<div class=\"wp-block-media-text is-stacked-on-mobile is-vertically-aligned-top\">\n    <figure class=\"wp-block-media-text__media\">\n      <img loading=\"lazy\" decoding=\"async\" width=\"905\" height=\"558\" src=\"https:\/\/www.kihlstroms.se\/v3\/wp-content\/uploads\/2024\/12\/6e.webp\" alt=\"IVECO Dubbelhytt Sk\u00e5pbil\" class=\"wp-image-1473 size-full\" srcset=\"https:\/\/www.kihlstroms.se\/v3\/wp-content\/uploads\/2024\/12\/6e.webp 905w, https:\/\/www.kihlstroms.se\/v3\/wp-content\/uploads\/2024\/12\/6e-300x185.webp 300w, https:\/\/www.kihlstroms.se\/v3\/wp-content\/uploads\/2024\/12\/6e-768x474.webp 768w, https:\/\/www.kihlstroms.se\/v3\/wp-content\/uploads\/2024\/12\/6e-50x31.webp 50w, https:\/\/www.kihlstroms.se\/v3\/wp-content\/uploads\/2024\/12\/6e-18x12.webp 18w\" sizes=\"auto, (max-width: 905px) 100vw, 905px\" \/>\n    <\/figure>\n    <div class=\"wp-block-media-text__content\">\n      <p><strong>IVECO DUBBELHYTT SK\u00c5PBIL<\/strong><\/p>\n      <p>Fast Lane 16m3 \u2013 Snoeks Crew 176 HK<br>Kombinerar lastutrymme med 5 passagerare<\/p>\n      <p>539 000 kr******<\/p>\n      <!-- Swedish \"Request a Quote\" Link -->\n      <p><a href=\"https:\/\/www.kihlstroms.se\/v3\/bygg-din-lastbil\/\" style=\"color: #007BFF; text-decoration: none; font-weight: bold;\">F\u00e5 offert<\/a><\/p>\n    <\/div>\n  <\/div>\n<\/div>\n\n\n\n<div class=\"wp-block-group is-nowrap is-layout-flex wp-container-core-group-is-layout-ad2f72ca wp-block-group-is-layout-flex\">\n<div class=\"wp-block-media-text is-stacked-on-mobile is-vertically-aligned-top\">\n    <figure class=\"wp-block-media-text__media\">\n      <img loading=\"lazy\" decoding=\"async\" width=\"905\" height=\"558\" src=\"https:\/\/www.kihlstroms.se\/v3\/wp-content\/uploads\/2024\/12\/7e.webp\" alt=\"IVECO Sk\u00e5p &#038; Lift\" class=\"wp-image-1474 size-full\" srcset=\"https:\/\/www.kihlstroms.se\/v3\/wp-content\/uploads\/2024\/12\/7e.webp 905w, https:\/\/www.kihlstroms.se\/v3\/wp-content\/uploads\/2024\/12\/7e-300x185.webp 300w, https:\/\/www.kihlstroms.se\/v3\/wp-content\/uploads\/2024\/12\/7e-768x474.webp 768w, https:\/\/www.kihlstroms.se\/v3\/wp-content\/uploads\/2024\/12\/7e-50x31.webp 50w, https:\/\/www.kihlstroms.se\/v3\/wp-content\/uploads\/2024\/12\/7e-18x12.webp 18w\" sizes=\"auto, (max-width: 905px) 100vw, 905px\" \/>\n    <\/figure>\n    <div class=\"wp-block-media-text__content\">\n      <p><strong>IVECO SK\u00c5P &#038; LIFT<\/strong><\/p>\n      <p>Fast lane Chassi Sk\u00e5p och Lift 156 HK<br>Maximal k\u00f6rkomfort med 8-v\u00e4xlad automat, redo f\u00f6r HVO100<\/p>\n      <p>539 000 kr*******<\/p>\n      <!-- Swedish \"Request a Quote\" Link -->\n      <p><a href=\"https:\/\/www.kihlstroms.se\/v3\/bygg-din-lastbil\/\" style=\"color: #007BFF; text-decoration: none; font-weight: bold;\">F\u00e5 offert<\/a><\/p>\n    <\/div>\n  <\/div>\n\n\n\n<div class=\"wp-block-media-text is-stacked-on-mobile is-vertically-aligned-top\">\n    <figure class=\"wp-block-media-text__media\">\n      <img loading=\"lazy\" decoding=\"async\" width=\"905\" height=\"558\" src=\"https:\/\/www.kihlstroms.se\/v3\/wp-content\/uploads\/2024\/12\/8e.webp\" alt=\"IVECO Flakbil\" class=\"wp-image-1475 size-full\" srcset=\"https:\/\/www.kihlstroms.se\/v3\/wp-content\/uploads\/2024\/12\/8e.webp 905w, https:\/\/www.kihlstroms.se\/v3\/wp-content\/uploads\/2024\/12\/8e-300x185.webp 300w, https:\/\/www.kihlstroms.se\/v3\/wp-content\/uploads\/2024\/12\/8e-768x474.webp 768w, https:\/\/www.kihlstroms.se\/v3\/wp-content\/uploads\/2024\/12\/8e-50x31.webp 50w, https:\/\/www.kihlstroms.se\/v3\/wp-content\/uploads\/2024\/12\/8e-18x12.webp 18w\" sizes=\"auto, (max-width: 905px) 100vw, 905px\" \/>\n    <\/figure>\n    <div class=\"wp-block-media-text__content\">\n      <p><strong>IVECO FLAKBIL<\/strong><\/p>\n      <p>Fast lane Chassi Flak 156 HK<br>Robust och stabil med chassiram och upp till 3,5 ton p\u00e5 dragkroken redo f\u00f6r HVO100<\/p>\n      <p>485 000 kr*********<\/p>\n      <!-- Swedish \"Request a Quote\" Link -->\n      <p><a href=\"https:\/\/www.kihlstroms.se\/v3\/bygg-din-lastbil\/\" style=\"color: #007BFF; text-decoration: none; font-weight: bold;\">F\u00e5 offert<\/a><\/p>\n    <\/div>\n  <\/div>\n<\/div>\n\n\n\n<div class=\"wp-block-group is-nowrap is-layout-flex wp-container-core-group-is-layout-ad2f72ca wp-block-group-is-layout-flex\">\n<div class=\"wp-block-media-text is-stacked-on-mobile is-vertically-aligned-top\">\n    <figure class=\"wp-block-media-text__media\">\n      <img loading=\"lazy\" decoding=\"async\" width=\"905\" height=\"558\" src=\"https:\/\/www.kihlstroms.se\/v3\/wp-content\/uploads\/2024\/12\/9e.webp\" alt=\"IVECO Dubbelhytt Flakbil\" class=\"wp-image-1476 size-full\" srcset=\"https:\/\/www.kihlstroms.se\/v3\/wp-content\/uploads\/2024\/12\/9e.webp 905w, https:\/\/www.kihlstroms.se\/v3\/wp-content\/uploads\/2024\/12\/9e-300x185.webp 300w, https:\/\/www.kihlstroms.se\/v3\/wp-content\/uploads\/2024\/12\/9e-768x474.webp 768w, https:\/\/www.kihlstroms.se\/v3\/wp-content\/uploads\/2024\/12\/9e-50x31.webp 50w, https:\/\/www.kihlstroms.se\/v3\/wp-content\/uploads\/2024\/12\/9e-18x12.webp 18w\" sizes=\"auto, (max-width: 905px) 100vw, 905px\" \/>\n    <\/figure>\n    <div class=\"wp-block-media-text__content\">\n      <p><strong>IVECO DUBBELHYTT FLAKBIL<\/strong><\/p>\n      <p>Fast lane Chassi Crew Flakl.<br>Robust och stabil med chassiram och upp till 3,5 ton p\u00e5 dragkroken, redo f\u00f6r HVO100.<\/p>\n      <p>545 000 kr**********<\/p>\n      <!-- Swedish \"Request a Quote\" Link -->\n      <p><a href=\"https:\/\/www.kihlstroms.se\/v3\/bygg-din-lastbil\/\" style=\"color: #007BFF; text-decoration: none; font-weight: bold;\">F\u00e5 offert<\/a><\/p>\n    <\/div>\n  <\/div>\n<\/div>\n\n\n<div class=\"wp-block-image\">\n<figure class=\"aligncenter size-large\"><img loading=\"lazy\" decoding=\"async\" width=\"1024\" height=\"833\" src=\"https:\/\/www.kihlstroms.se\/v3\/wp-content\/uploads\/2024\/12\/image008-1024x833.jpg\" alt=\"Exempel p\u00e5 lastbil\" class=\"wp-image-1481\" srcset=\"https:\/\/www.kihlstroms.se\/v3\/wp-content\/uploads\/2024\/12\/image008-1024x833.jpg 1024w, https:\/\/www.kihlstroms.se\/v3\/wp-content\/uploads\/2024\/12\/image008-300x244.jpg 300w, https:\/\/www.kihlstroms.se\/v3\/wp-content\/uploads\/2024\/12\/image008-768x625.jpg 768w, https:\/\/www.kihlstroms.se\/v3\/wp-content\/uploads\/2024\/12\/image008-50x41.jpg 50w, https:\/\/www.kihlstroms.se\/v3\/wp-content\/uploads\/2024\/12\/image008-1600x1302.jpg 1600w, https:\/\/www.kihlstroms.se\/v3\/wp-content\/uploads\/2024\/12\/image008-1536x1250.jpg 1536w, https:\/\/www.kihlstroms.se\/v3\/wp-content\/uploads\/2024\/12\/image008-2048x1666.jpg 2048w, https:\/\/www.kihlstroms.se\/v3\/wp-content\/uploads\/2024\/12\/image008-15x12.jpg 15w\" sizes=\"auto, (max-width: 1024px) 100vw, 1024px\" \/><\/figure>\n<\/div>\n\n\n<div class=\"wp-block-group\" style=\"display: flex; flex-direction: column; gap: 10px; padding: 20px; align-items: center;\"><div class=\"wp-block-group__inner-container is-layout-flow wp-block-group-is-layout-flow\">\n  <!-- Dropdown Toggle Button -->\n  <button class=\"dropdown-toggle\" style=\"cursor: pointer; padding: 10px; text-align: center; font-size: 1.2em; background-color: #007BFF; color: white; border: none; border-radius: 4px; display: flex; align-items: center; justify-content: center;\">\n    VILLKOR *******\n    <svg class=\"icon ml-2 text-[12px] dropdown-arrow\" alt=\"Arrow icon\">\n      <use xlink:href=\"#icon-accordion-arrow\"><\/use>\n    <\/svg>\n  <\/button>\n  <!-- Dropdown Content (hidden by default) -->\n  <div class=\"dropdown-content\" style=\"display: none; padding: 10px; background-color: #f5f5f5; box-shadow: 0 2px 5px rgba(0, 0, 0, 0.15);\">\n    <ul style=\"list-style-type: none; padding: 0; font-size: 0.8em; line-height: 1.5;\">\n      <li style=\"padding: 5px 0;\">\n        <em>*Modell: IVECO DAILY 35S14A8V, sk\u00e5pbil 9m\u00b3, 136 hk. Samtliga IVECO Daily har tre \u00e5rs fabriksgaranti (max 200 000 km) som standard, lokala leveransomkostnader kan tillkomma. F\u00f6rbeh\u00e5ll f\u00f6r kreditgodk\u00e4nnande. Alla priserna \u00e4r exklusive moms. IVECO reserverar sig f\u00f6r eventuella prish\u00f6jningar, skatteh\u00f6jningar, slutf\u00f6rs\u00e4ljning. Erbjudande g\u00e4ller som l\u00e4ngst till och med den 31\/12\/2024 och kan ej kombineras med andra rabatter och avtal.<\/em>\n      <\/li>\n      <li style=\"padding: 5px 0;\">\n        <em>**Modell: IVECO Daily 35S14A8V, sk\u00e5pbil 12m\u00b3, 136 hk. Samtliga IVECO Daily har tre \u00e5rs fabriksgaranti (max 200 000 km) som standard, lokala leveransomkostnader kan tillkomma. F\u00f6rbeh\u00e5ll f\u00f6r kreditgodk\u00e4nnande. Alla priserna \u00e4r exklusive moms. IVECO reserverar sig f\u00f6r eventuella prish\u00f6jningar, skatteh\u00f6jningar, slutf\u00f6rs\u00e4ljning. Erbjudande g\u00e4ller som l\u00e4ngst till och med den 31\/12\/2024 och kan ej kombineras med andra rabatter och avtal.<\/em>\n      <\/li>\n      <li style=\"padding: 5px 0;\">\n        <em>***Modell: IVECO DAILY 35S18HA8V, sk\u00e5pbil 12m3, 176 hk. Samtliga IVECO Daily har tre \u00e5rs fabriksgaranti (max 200 000 km) som standard, lokala leveransomkostnader kan tillkomma. F\u00f6rbeh\u00e5ll f\u00f6r kreditgodk\u00e4nnande. Alla priserna \u00e4r exklusive moms. IVECO reserverar sig f\u00f6r eventuella prish\u00f6jningar, skatteh\u00f6jningar, slutf\u00f6rs\u00e4ljning. Erbjudande g\u00e4ller som l\u00e4ngst till och med den 31\/12\/2024 och kan ej kombineras med andra rabatter och avtal.<\/em>\n      <\/li>\n      <li style=\"padding: 5px 0;\">\n        <em>****Modell: IVECO DAILY 35S18HA8V, sk\u00e5pbil 16m3, 176 hk. Samtliga IVECO Daily har tre \u00e5rs fabriksgaranti (max 200 000 km) som standard, lokala leveransomkostnader kan tillkomma. F\u00f6rbeh\u00e5ll f\u00f6r kreditgodk\u00e4nnande. Alla priserna \u00e4r exklusive moms. IVECO reserverar sig f\u00f6r eventuella prish\u00f6jningar, skatteh\u00f6jningar, slutf\u00f6rs\u00e4ljning. Erbjudande g\u00e4ller som l\u00e4ngst till och med den 31\/12\/2024 och kan ej kombineras med andra rabatter och avtal.<\/em>\n      <\/li>\n      <li style=\"padding: 5px 0;\">\n        <em>*****Modell: IVECO DAILY 35S18A8V, 176 hk. Samtliga IVECO Daily har tre \u00e5rs fabriksgaranti (max 200 000 km) som standard, lokala leveransomkostnader kan tillkomma. F\u00f6rbeh\u00e5ll f\u00f6r kreditgodk\u00e4nnande. Alla priserna \u00e4r exklusive moms. IVECO reserverar sig f\u00f6r eventuella prish\u00f6jningar, skatteh\u00f6jningar, slutf\u00f6rs\u00e4ljning. Erbjudande g\u00e4ller som l\u00e4ngst till och med den 31\/12\/2024 och kan ej kombineras med andra rabatter och avtal.<\/em>\n      <\/li>\n      <li style=\"padding: 5px 0;\">\n        <em>******Modell: IVECO DAILY 50C18A8V, sk\u00e5pbil 16m3, 176 hk. Samtliga IVECO Daily har tre \u00e5rs fabriksgaranti (max 200 000 km) som standard, lokala leveransomkostnader kan tillkomma. F\u00f6rbeh\u00e5ll f\u00f6r kreditgodk\u00e4nnande. Alla priserna \u00e4r exklusive moms. IVECO reserverar sig f\u00f6r eventuella prish\u00f6jningar, skatteh\u00f6jningar, slutf\u00f6rs\u00e4ljning. Erbjudande g\u00e4ller som l\u00e4ngst till och med den 31\/12\/2024 och kan ej kombineras med andra rabatter och avtal.<\/em>\n      <\/li>\n      <li style=\"padding: 5px 0;\">\n        <em>*******Modell: IVECO DAILY 35S16HA8, sk\u00e5p &#038; lift, 156 hk. Samtliga IVECO Daily har tre \u00e5rs fabriksgaranti (max 200 000 km) som standard, lokala leveransomkostnader kan tillkomma. F\u00f6rbeh\u00e5ll f\u00f6r kreditgodk\u00e4nnande. Alla priserna \u00e4r exklusive moms. IVECO reserverar sig f\u00f6r eventuella prish\u00f6jningar, skatteh\u00f6jningar, slutf\u00f6rs\u00e4ljning. Erbjudande g\u00e4ller som l\u00e4ngst till och med den 31\/12\/2024 och kan ej kombineras med andra rabatter och avtal.<\/em>\n      <\/li>\n      <li style=\"padding: 5px 0;\">\n        <em>********Modell: IVECO DAILY 35S16A8, flakbil, 156 hk. Samtliga IVECO Daily har tre \u00e5rs fabriksgaranti (max 200 000 km) som standard, lokala leveransomkostnader kan tillkomma. F\u00f6rbeh\u00e5ll f\u00f6r kreditgodk\u00e4nnande. Alla priserna \u00e4r exklusive moms. IVECO reserverar sig f\u00f6r eventuella prish\u00f6jningar, skatteh\u00f6jningar, slutf\u00f6rs\u00e4ljning. Erbjudande g\u00e4ller som l\u00e4ngst till och med den 31\/12\/2024 och kan ej kombineras med andra rabatter och avtal.<\/em>\n      <\/li>\n      <li style=\"padding: 5px 0;\">\n        <em>**********Modell: IVECO DAILY 35S16HA8D, flakbil, 156 hk. Samtliga IVECO Daily har tre \u00e5rs fabriksgaranti (max 200 000 km) som standard, lokala leveransomkostnader kan tillkomma. F\u00f6rbeh\u00e5ll f\u00f6r kreditgodk\u00e4nnande. Alla priserna \u00e4r exklusive moms. IVECO reserverar sig f\u00f6r eventuella prish\u00f6jningar, skatteh\u00f6jningar, slutf\u00f6rs\u00e4ljning. Erbjudande g\u00e4ller som l\u00e4ngst till och med den 31\/12\/2022024 och kan ej kombineras med andra rabatter och avtal.<\/em>\n      <\/li>\n    <\/ul>\n    <p style=\"font-size: 0.7em; font-style: italic; padding-top: 10px;\">\n      Hedin Mobility Group:s f\u00f6rbeh\u00e5ller sig r\u00e4tten att \u00e4ndra vart och ett av ing\u00e5ende villkor och f\u00f6ruts\u00e4ttningar vid valfri tidpunkt genom att publicera \u00e4ndringarna p\u00e5 <a href=\"https:\/\/iveco.se\/kopverktyg\/kampanjer\/9-nya-iveco-modeller\" target=\"_blank\" style=\"color: #007BFF; text-decoration: none;\">https:\/\/iveco.se\/kopverktyg\/kampanjer\/9-nya-iveco-modeller<\/a> webbplatsen. Vi f\u00f6rbeh\u00e5ller oss d\u00e4rf\u00f6r r\u00e4tten att n\u00e4r som helst g\u00f6ra \u00e4ndringar betr\u00e4ffande specifikationer, f\u00e4rger och priser f\u00f6r modeller och produkter illustrerade och beskrivna p\u00e5 denna webbplats.<br>\n      Bilarna p\u00e5 bilderna kan vara extra utrustade. Med reservation f\u00f6r felskrivningar. Kontakta din n\u00e4rmaste Iveco \u00e5terf\u00f6rs\u00e4ljare f\u00f6r l\u00f6pande information. IVECO reserverar sig f\u00f6r eventuella prish\u00f6jningar, skatteh\u00f6jningar, slutf\u00f6rs\u00e4ljning. Erbjudande g\u00e4ller som l\u00e4ngst till och med den 31\/12\/2024 och kan ej kombineras med andra rabatter och avtal. Erbjudandet g\u00e4ller lagerbilar, begr\u00e4nsat antal. G\u00e5r ej att kombinera med andra erbjudanden. Lokala avvikelser kan f\u00f6rekomma, varje Iveco \u00e5terf\u00f6rs\u00e4ljare \u00e4ger r\u00e4tten att s\u00e4tta sitt eget pris.\n    <\/p>\n  <\/div>\n<\/div><\/div>\n\n\n<script>\n  document.addEventListener(\"DOMContentLoaded\", () => {\n    const dropdownToggle = document.querySelector(\".dropdown-toggle\");\n    const dropdownContent = document.querySelector(\".dropdown-content\");\n    const icon = dropdownToggle.querySelector(\".icon\");\n\n    dropdownToggle.addEventListener(\"click\", () => {\n      \/\/ Byt visning av dropdown menyn\n      if (dropdownContent.style.display === \"none\" || dropdownContent.style.display === \"\") {\n        dropdownContent.style.display = \"block\";\n      } else {\n        dropdownContent.style.display = \"none\";\n      }\n\n      \/\/ Rotera ikonen n\u00e4r dropdown \u00e4r \u00f6ppen\n      icon.style.transform = dropdownContent.style.display === \"block\" ? \"rotate(180deg)\" : \"rotate(0deg)\";\n    });\n  });\n<\/script>","protected":false},"excerpt":{"rendered":"<p>IVECO SK\u00c5PBIL Fast Lane 9m3 136 HKMaximal k\u00f6rkomfort med 8-v\u00e4xlad automat, redo f\u00f6r HVO100 449 000 kr* F\u00e5 offert IVECO SK\u00c5PBIL Fast Lane 12m3 140 HKMaximal k\u00f6rkomfort med 8-v\u00e4xlad automat, redo f\u00f6r HVO100 445 000 kr** F\u00e5 offert IVECO SK\u00c5PBIL Fast Lane 12m3 180 HKMaximal k\u00f6rkomfort med 8-v\u00e4xlad automat, redo f\u00f6r HVO100 485 000 kr***&hellip;&nbsp;<a href=\"https:\/\/www.kihlstroms.se\/v3\/bygg-din-lastbil\/\" rel=\"bookmark\">Read More &raquo;<span class=\"screen-reader-text\">VI HJ\u00c4LPER DIG ATT BYGGA DIN LASTBIL &#8211; F\u00c5 EN OFFERT SOM PASSAR ER!<\/span><\/a><\/p>\n","protected":false},"author":2,"featured_media":1192,"parent":0,"menu_order":0,"comment_status":"closed","ping_status":"closed","template":"","meta":{"_eb_attr":"","neve_meta_sidebar":"","neve_meta_container":"","neve_meta_enable_content_width":"","neve_meta_content_width":0,"neve_meta_title_alignment":"","neve_meta_author_avatar":"","neve_post_elements_order":"","neve_meta_disable_header":"","neve_meta_disable_footer":"","neve_meta_disable_title":"","neve_meta_reading_time":"","footnotes":""},"class_list":["post-1130","page","type-page","status-publish","has-post-thumbnail","hentry"],"_links":{"self":[{"href":"https:\/\/www.kihlstroms.se\/v3\/wp-json\/wp\/v2\/pages\/1130","targetHints":{"allow":["GET"]}}],"collection":[{"href":"https:\/\/www.kihlstroms.se\/v3\/wp-json\/wp\/v2\/pages"}],"about":[{"href":"https:\/\/www.kihlstroms.se\/v3\/wp-json\/wp\/v2\/types\/page"}],"author":[{"embeddable":true,"href":"https:\/\/www.kihlstroms.se\/v3\/wp-json\/wp\/v2\/users\/2"}],"replies":[{"embeddable":true,"href":"https:\/\/www.kihlstroms.se\/v3\/wp-json\/wp\/v2\/comments?post=1130"}],"version-history":[{"count":54,"href":"https:\/\/www.kihlstroms.se\/v3\/wp-json\/wp\/v2\/pages\/1130\/revisions"}],"predecessor-version":[{"id":1671,"href":"https:\/\/www.kihlstroms.se\/v3\/wp-json\/wp\/v2\/pages\/1130\/revisions\/1671"}],"wp:featuredmedia":[{"embeddable":true,"href":"https:\/\/www.kihlstroms.se\/v3\/wp-json\/wp\/v2\/media\/1192"}],"wp:attachment":[{"href":"https:\/\/www.kihlstroms.se\/v3\/wp-json\/wp\/v2\/media?parent=1130"}],"curies":[{"name":"wp","href":"https:\/\/api.w.org\/{rel}","templated":true}]}}